{"id":130,"date":"2025-01-21T15:40:54","date_gmt":"2025-01-21T14:40:54","guid":{"rendered":"https:\/\/educapenco.cl\/dem\/?page_id=130"},"modified":"2025-09-03T16:06:58","modified_gmt":"2025-09-03T14:06:58","slug":"establecimientos","status":"publish","type":"page","link":"https:\/\/educapenco.cl\/dem\/establecimientos","title":{"rendered":"ESTABLECIMIENTOS"},"content":{"rendered":"<p>[et_pb_section fb_built=\u00bb1&#8243; _builder_version=\u00bb4.27.4&#8243; _module_preset=\u00bbdefault\u00bb global_colors_info=\u00bb{}\u00bb][et_pb_row column_structure=\u00bb3_4,1_4&#8243; _builder_version=\u00bb4.27.4&#8243; _module_preset=\u00bbdefault\u00bb global_colors_info=\u00bb{}\u00bb][et_pb_column type=\u00bb3_4&#8243; _builder_version=\u00bb4.27.4&#8243; _module_preset=\u00bbdefault\u00bb global_colors_info=\u00bb{}\u00bb][et_pb_text _builder_version=\u00bb4.27.4&#8243; _module_preset=\u00bbdefault\u00bb text_font=\u00bbWork Sans|700|||||||\u00bb text_text_color=\u00bb#E12D89&#8243; text_font_size=\u00bb18px\u00bb text_orientation=\u00bbcenter\u00bb custom_margin=\u00bb30px||||false|false\u00bb global_colors_info=\u00bb{}\u00bb]<\/p>\n<p><span>10 Escuelas B\u00e1sicas con ense\u00f1anza completa de Pre k\u00ednder a Octavo B\u00e1sico<\/span><\/p>\n<p>[\/et_pb_text][\/et_pb_column][et_pb_column type=\u00bb1_4&#8243; _builder_version=\u00bb4.27.4&#8243; _module_preset=\u00bbdefault\u00bb global_colors_info=\u00bb{}\u00bb][et_pb_social_media_follow _builder_version=\u00bb4.27.4&#8243; _module_preset=\u00bbdefault\u00bb custom_margin=\u00bb40px||||false|false\u00bb global_colors_info=\u00bb{}\u00bb][et_pb_social_media_follow_network social_network=\u00bbfacebook\u00bb url=\u00bbhttps:\/\/www.facebook.com\/pencodem\u00bb use_icon_font_size=\u00bbon\u00bb icon_font_size=\u00bb20px\u00bb _builder_version=\u00bb4.27.4&#8243; _module_preset=\u00bbdefault\u00bb background_color=\u00bb#3b5998&#8243; global_colors_info=\u00bb{}\u00bb follow_button=\u00bboff\u00bb url_new_window=\u00bbon\u00bb]facebook[\/et_pb_social_media_follow_network][et_pb_social_media_follow_network social_network=\u00bbinstagram\u00bb url=\u00bbhttps:\/\/www.instagram.com\/dem_penco?igsh=MXVpZjdvMXE4c29ucg==\u00bb use_icon_font_size=\u00bbon\u00bb icon_font_size=\u00bb20px\u00bb _builder_version=\u00bb4.27.4&#8243; _module_preset=\u00bbdefault\u00bb background_color=\u00bb#ea2c59&#8243; global_colors_info=\u00bb{}\u00bb follow_button=\u00bboff\u00bb url_new_window=\u00bbon\u00bb]instagram[\/et_pb_social_media_follow_network][\/et_pb_social_media_follow][et_pb_search button_color=\u00bb#E12D89&#8243; _builder_version=\u00bb4.27.4&#8243; _module_preset=\u00bbdefault\u00bb button_font=\u00bbWork Sans|600|||||||\u00bb button_text_color=\u00bb#FFFFFF\u00bb button_line_height=\u00bb2em\u00bb form_field_font=\u00bbVarela Round||||||||\u00bb width=\u00bb100%\u00bb max_width=\u00bb100%\u00bb module_alignment=\u00bbright\u00bb custom_margin=\u00bb20px|0px||0px|false|false\u00bb global_colors_info=\u00bb{}\u00bb][\/et_pb_search][\/et_pb_column][\/et_pb_row][et_pb_row column_structure=\u00bb1_4,1_2,1_4&#8243; _builder_version=\u00bb4.27.4&#8243; _module_preset=\u00bbdefault\u00bb global_colors_info=\u00bb{}\u00bb][et_pb_column type=\u00bb1_4&#8243; _builder_version=\u00bb4.27.4&#8243; _module_preset=\u00bbdefault\u00bb global_colors_info=\u00bb{}\u00bb][et_pb_image src=\u00bbhttps:\/\/educapenco.cl\/dem\/wp-content\/uploads\/2025\/04\/ESCUDO_Mesa-de-trabajo-1-copia-10.png\u00bb title_text=\u00bbESCUDO_Mesa de trabajo 1 copia 10&#8243; _builder_version=\u00bb4.27.4&#8243; _module_preset=\u00bbdefault\u00bb width=\u00bb100%\u00bb custom_margin=\u00bb|0px|||false|false\u00bb custom_padding=\u00bb30px|50px|30px|50px|false|false\u00bb global_colors_info=\u00bb{}\u00bb][\/et_pb_image][et_pb_image src=\u00bbhttps:\/\/educapenco.cl\/dem\/wp-content\/uploads\/2025\/04\/ESCUDO_Mesa-de-trabajo-1-copia.png\u00bb title_text=\u00bbESCUDO_Mesa de trabajo 1 copia\u00bb _builder_version=\u00bb4.27.4&#8243; _module_preset=\u00bbdefault\u00bb custom_margin=\u00bb30px||||false|false\u00bb custom_padding=\u00bb|40px||40px|false|false\u00bb global_colors_info=\u00bb{}\u00bb][\/et_pb_image][et_pb_image src=\u00bbhttps:\/\/educapenco.cl\/dem\/wp-content\/uploads\/2025\/04\/ESCUDO_Mesa-de-trabajo-1.png\u00bb title_text=\u00bbESCUDO_Mesa de trabajo 1&#8243; _builder_version=\u00bb4.27.4&#8243; _module_preset=\u00bbdefault\u00bb custom_margin=\u00bb60px||||false|false\u00bb custom_padding=\u00bb|40px||40px|false|false\u00bb global_colors_info=\u00bb{}\u00bb][\/et_pb_image][et_pb_image src=\u00bbhttps:\/\/educapenco.cl\/dem\/wp-content\/uploads\/2025\/04\/ESCUDO_Mesa-de-trabajo-1-copia-11.png\u00bb title_text=\u00bbESCUDO_Mesa de trabajo 1 copia 11&#8243; _builder_version=\u00bb4.27.4&#8243; _module_preset=\u00bbdefault\u00bb custom_margin=\u00bb60px||||false|false\u00bb custom_padding=\u00bb|40px||40px|false|false\u00bb global_colors_info=\u00bb{}\u00bb][\/et_pb_image][et_pb_image src=\u00bbhttps:\/\/educapenco.cl\/dem\/wp-content\/uploads\/2025\/04\/ESCUDO_Mesa-de-trabajo-1-copia-7.png\u00bb title_text=\u00bbESCUDO_Mesa de trabajo 1 copia 7&#8243; _builder_version=\u00bb4.27.4&#8243; _module_preset=\u00bbdefault\u00bb custom_margin=\u00bb70px||||false|false\u00bb custom_padding=\u00bb|40px||40px|false|false\u00bb global_colors_info=\u00bb{}\u00bb][\/et_pb_image][et_pb_image src=\u00bbhttps:\/\/educapenco.cl\/dem\/wp-content\/uploads\/2025\/04\/ESCUDO_Mesa-de-trabajo-1-copia-8.png\u00bb title_text=\u00bbESCUDO_Mesa de trabajo 1 copia 8&#8243; _builder_version=\u00bb4.27.4&#8243; _module_preset=\u00bbdefault\u00bb custom_margin=\u00bb60px||||false|false\u00bb custom_padding=\u00bb|40px||40px|false|false\u00bb global_colors_info=\u00bb{}\u00bb][\/et_pb_image][et_pb_image src=\u00bbhttps:\/\/educapenco.cl\/dem\/wp-content\/uploads\/2025\/04\/ESCUDO_Mesa-de-trabajo-1-copia-6.png\u00bb title_text=\u00bbESCUDO_Mesa de trabajo 1 copia 6&#8243; _builder_version=\u00bb4.27.4&#8243; _module_preset=\u00bbdefault\u00bb custom_margin=\u00bb80px||||false|false\u00bb custom_padding=\u00bb|40px||40px|false|false\u00bb global_colors_info=\u00bb{}\u00bb][\/et_pb_image][et_pb_image src=\u00bbhttps:\/\/educapenco.cl\/dem\/wp-content\/uploads\/2025\/04\/ESCUDO_Mesa-de-trabajo-1-copia-2.png\u00bb title_text=\u00bbESCUDO_Mesa de trabajo 1 copia 2&#8243; _builder_version=\u00bb4.27.4&#8243; _module_preset=\u00bbdefault\u00bb custom_margin=\u00bb80px||||false|false\u00bb custom_padding=\u00bb|40px||40px|false|false\u00bb global_colors_info=\u00bb{}\u00bb][\/et_pb_image][et_pb_image src=\u00bbhttps:\/\/educapenco.cl\/dem\/wp-content\/uploads\/2025\/04\/ESCUDO_Mesa-de-trabajo-1-copia-9.png\u00bb title_text=\u00bbESCUDO_Mesa de trabajo 1 copia 9&#8243; _builder_version=\u00bb4.27.4&#8243; _module_preset=\u00bbdefault\u00bb custom_margin=\u00bb80px||||false|false\u00bb custom_padding=\u00bb|40px||40px|false|false\u00bb global_colors_info=\u00bb{}\u00bb][\/et_pb_image][et_pb_image src=\u00bbhttps:\/\/educapenco.cl\/dem\/wp-content\/uploads\/2025\/04\/ESCUDO_Mesa-de-trabajo-1-copia-12.png\u00bb title_text=\u00bbESCUDO_Mesa de trabajo 1 copia 12&#8243; _builder_version=\u00bb4.27.4&#8243; _module_preset=\u00bbdefault\u00bb custom_margin=\u00bb80px||||false|false\u00bb custom_padding=\u00bb|40px||40px|false|false\u00bb global_colors_info=\u00bb{}\u00bb][\/et_pb_image][\/et_pb_column][et_pb_column type=\u00bb1_2&#8243; _builder_version=\u00bb4.27.4&#8243; _module_preset=\u00bbdefault\u00bb global_colors_info=\u00bb{}\u00bb][et_pb_text _builder_version=\u00bb4.27.4&#8243; _module_preset=\u00bbdefault\u00bb text_font=\u00bbVarela Round||||||||\u00bb text_font_size=\u00bb16px\u00bb text_line_height=\u00bb1.3em\u00bb custom_margin=\u00bb30px||0px||false|false\u00bb global_colors_info=\u00bb{}\u00bb]<\/p>\n<p><strong>ESCUELA ISLA DE PASCUA<\/strong><\/p>\n<p><strong>Director:<\/strong> Ricardo Sandoval Ram\u00edrez<\/p>\n<p><strong>Direcci\u00f3n:<\/strong> Las Heras # 485, Penco.<\/p>\n<p><strong>Tel\u00e9fono:<\/strong> 412456235<\/p>\n<p><strong>Correo:<\/strong> ricardo.sandoval@escuelaisladepascua.cl<\/p>\n<p><strong>RBD:<\/strong> 4807-0<\/p>\n<p><span style=\"color: #333333;\"><strong><a href=\"https:\/\/www.facebook.com\/profile.php?id=100063457122161\" style=\"color: #333333;\">https:\/\/www.facebook.com\/profile.php?id=100063457122161<\/a><\/strong><\/span><\/p>\n<p><span style=\"color: #333333;\"><strong><a href=\"https:\/\/www.instagram.com\/escuelaisladepascua\/\" style=\"color: #333333;\">https:\/\/www.instagram.com\/escuelaisladepascua\/<\/a><\/strong><\/span><\/p>\n<p>[\/et_pb_text][et_pb_text _builder_version=\u00bb4.27.4&#8243; _module_preset=\u00bbdefault\u00bb text_font=\u00bbVarela Round||||||||\u00bb text_font_size=\u00bb16px\u00bb text_line_height=\u00bb1.3em\u00bb custom_margin=\u00bb78px||0px||false|false\u00bb global_colors_info=\u00bb{}\u00bb]<\/p>\n<p><strong>ESCUELA PENCO<\/strong><\/p>\n<p><strong>Director:<\/strong> Sandra Sanzana Castro<\/p>\n<p><strong>Direcci\u00f3n:<\/strong> Mait\u00e9n #297, Penco.<\/p>\n<p><strong>Tel\u00e9fono:<\/strong> 412451282<\/p>\n<p><strong>Correo:<\/strong> escuelapenco@escuelapenco.cl<\/p>\n<p><strong>RBD: <\/strong>4808-9<\/p>\n<p><strong><span style=\"color: #333333;\"><a href=\"https:\/\/www.facebook.com\/escuelapenco.oficial\" style=\"color: #333333;\">https:\/\/www.facebook.com\/escuelapenco.oficial<\/a><\/span><\/strong><\/p>\n<p><strong><span style=\"color: #333333;\"><a href=\"https:\/\/www.instagram.com\/escuelapenco\/\" style=\"color: #333333;\">https:\/\/www.instagram.com\/escuelapenco\/<\/a><\/span><\/strong><\/p>\n<p>[\/et_pb_text][et_pb_text _builder_version=\u00bb4.27.4&#8243; _module_preset=\u00bbdefault\u00bb text_font=\u00bbVarela Round||||||||\u00bb text_font_size=\u00bb16px\u00bb text_line_height=\u00bb1.3em\u00bb custom_margin=\u00bb85px||0px||false|false\u00bb global_colors_info=\u00bb{}\u00bb]<\/p>\n<p><strong>ESCUELA EDUARDO CAMPBELL SAAVEDRA<\/strong><\/p>\n<p><strong>Director:<\/strong> Soraya Neira Contreras<\/p>\n<p><strong>Direcci\u00f3n:<\/strong> Central #455 Cerro Verde Bajo<\/p>\n<p><strong>Tel\u00e9fono:<\/strong> 995436323<\/p>\n<p><strong>Correo:<\/strong> soraya.neira@escuelaeduardocampbell.cl<\/p>\n<p><strong>RBD:<\/strong> 4809-7<\/p>\n<p><strong><span style=\"color: #333333;\"><a href=\"https:\/\/www.facebook.com\/escuelaeduardocampbellsaavedra\" style=\"color: #333333;\">https:\/\/www.facebook.com\/escuelaeduardocampbellsaavedra<\/a><\/span><\/strong><\/p>\n<p><strong><span style=\"color: #333333;\"><a href=\"https:\/\/www.instagram.com\/escuelaeduardocampbell\/\" style=\"color: #333333;\">https:\/\/www.instagram.com\/escuelaeduardocampbell\/<\/a><\/span><\/strong><\/p>\n<p>[\/et_pb_text][et_pb_text _builder_version=\u00bb4.27.4&#8243; _module_preset=\u00bbdefault\u00bb text_font=\u00bbVarela Round||||||||\u00bb text_font_size=\u00bb16px\u00bb text_line_height=\u00bb1.3em\u00bb custom_margin=\u00bb78px||0px||false|false\u00bb global_colors_info=\u00bb{}\u00bb]<\/p>\n<p><strong>ESCUELA ALMIRANTE JORGE MONTT \u00c1LVAREZ<\/strong><\/p>\n<p><strong>Director:<\/strong> Pedro Esparza Rodr\u00edguez<\/p>\n<p><strong>Direcci\u00f3n:<\/strong> Lorenzo Riveros # 338, Penco.<\/p>\n<p><strong>Tel\u00e9fono:<\/strong> 412458119<\/p>\n<p><strong>Correo: <\/strong>pedro.esparza@escuelajorgemontt.cl<\/p>\n<p><strong>RBD:<\/strong> 4810-0<\/p>\n<p><strong><span style=\"color: #333333;\"><a href=\"https:\/\/www.facebook.com\/escuelajorgemontt\" style=\"color: #333333;\">https:\/\/www.facebook.com\/escuelajorgemontt<\/a><\/span><\/strong><\/p>\n<p><strong><span style=\"color: #333333;\"><a href=\"https:\/\/www.instagram.com\/escuelajorgemontt\/\" style=\"color: #333333;\">https:\/\/www.instagram.com\/escuelajorgemontt\/<\/a><\/span><\/strong><\/p>\n<p>[\/et_pb_text][et_pb_text _builder_version=\u00bb4.27.4&#8243; _module_preset=\u00bbdefault\u00bb text_font=\u00bbVarela Round||||||||\u00bb text_font_size=\u00bb16px\u00bb text_line_height=\u00bb1.3em\u00bb custom_margin=\u00bb98px||34px||false|false\u00bb global_colors_info=\u00bb{}\u00bb]<\/p>\n<p><strong>ESCUELA ALMIRANTE PATRICIO LYNCH<\/strong><\/p>\n<p><strong>Director:<\/strong> Sandra Susperreguy<\/p>\n<p><strong>Direcci\u00f3n:<\/strong> Camilo Henriquez #6, Lirqu\u00e9n.<\/p>\n<p><strong>Tel\u00e9fono:<\/strong> 991267825<\/p>\n<p><strong>Correo:<\/strong> Sandra.susperreguy@escuelapatriciolynch.cl<\/p>\n<p><strong>RBD:<\/strong> 4811-9<\/p>\n<p><strong><span style=\"color: #333333;\"><a href=\"https:\/\/www.facebook.com\/EscuelaPatricioLynchLirquen\" style=\"color: #333333;\">https:\/\/www.facebook.com\/EscuelaPatricioLynchLirquen<\/a><\/span><\/strong><\/p>\n<p><strong><span style=\"color: #333333;\"><a href=\"https:\/\/www.instagram.com\/almirantepatriciolynch\/\" style=\"color: #333333;\">https:\/\/www.instagram.com\/almirantepatriciolynch\/<\/a><\/span><\/strong><\/p>\n<p>[\/et_pb_text][et_pb_text _builder_version=\u00bb4.27.4&#8243; _module_preset=\u00bbdefault\u00bb text_font=\u00bbVarela Round||||||||\u00bb text_font_size=\u00bb16px\u00bb text_line_height=\u00bb1.3em\u00bb custom_margin=\u00bb82px||34px||false|false\u00bb global_colors_info=\u00bb{}\u00bb]<\/p>\n<p><strong>ESCUELA LA GREDA<\/strong><\/p>\n<p><strong>Director:<\/strong> Ana Mar\u00eda Jara Delva<\/p>\n<p><strong>Direcci\u00f3n: <\/strong>Calle dos Poniente #23, Pob. La Greda.<\/p>\n<p><strong>Tel\u00e9fono:<\/strong> 940918196<\/p>\n<p><strong>Correo:<\/strong> ana.jara@escuelalagredapenco.cl<\/p>\n<p><strong>RBD:<\/strong> 4812-7<\/p>\n<p><strong><span style=\"color: #333333;\"><a href=\"https:\/\/www.facebook.com\/profile.php?id=100057544835667\" style=\"color: #333333;\">https:\/\/www.facebook.com\/profile.php?id=100057544835667<\/a><\/span><\/strong><\/p>\n<p><strong><span style=\"color: #333333;\"><a href=\"https:\/\/www.instagram.com\/escuelalagreda\/\" style=\"color: #333333;\">https:\/\/www.instagram.com\/escuelalagreda\/<\/a><\/span><\/strong><\/p>\n<p>[\/et_pb_text][et_pb_text _builder_version=\u00bb4.27.4&#8243; _module_preset=\u00bbdefault\u00bb text_font=\u00bbVarela Round||||||||\u00bb text_font_size=\u00bb16px\u00bb text_line_height=\u00bb1.3em\u00bb custom_margin=\u00bb91px||-2px||false|false\u00bb global_colors_info=\u00bb{}\u00bb]<\/p>\n<p><strong>ESCUELA VIPLA<\/strong><\/p>\n<p><strong>Director:<\/strong> Paulina Riquelme Gonz\u00e1lez<\/p>\n<p><strong>Direcci\u00f3n: <\/strong>Calle Belgeri s\/n poblaci\u00f3n VIPLA, Lirqu\u00e9n.<\/p>\n<p><strong>Tel\u00e9fono:<\/strong> 935616510<\/p>\n<p><strong>Correo:<\/strong> evipla@gmail.com<\/p>\n<p><strong>RBD:<\/strong> 4813-5<\/p>\n<p><strong><span style=\"color: #333333;\"><a href=\"https:\/\/www.facebook.com\/profile.php?id=100063796952743\" style=\"color: #333333;\">https:\/\/www.facebook.com\/profile.php?id=100063796952743<\/a><\/span><\/strong><\/p>\n<p><strong><span style=\"color: #333333;\"><a href=\"https:\/\/www.instagram.com\/escuela_vipla\/\" style=\"color: #333333;\">https:\/\/www.instagram.com\/escuela_vipla\/<\/a><\/span><\/strong><\/p>\n<p><a href=\"https:\/\/educapenco.cl\/dem\/wp-content\/uploads\/2025\/04\/REGLAMENTO-INTERNO-ESCUELA-VIPLA-2025.pdf\" target=\"_blank\" rel=\"noopener\"><strong><span style=\"color: #333333;\">REGLAMENTO INTERNO 2025<\/span><\/strong><\/a><\/p>\n<p>[\/et_pb_text][et_pb_text _builder_version=\u00bb4.27.4&#8243; _module_preset=\u00bbdefault\u00bb text_font=\u00bbVarela Round||||||||\u00bb text_font_size=\u00bb16px\u00bb text_line_height=\u00bb1.3em\u00bb custom_margin=\u00bb93px||34px||false|false\u00bb global_colors_info=\u00bb{}\u00bb]<\/p>\n<p><strong>ESCUELA ETHEL HENCK DE GRANT<\/strong><\/p>\n<p><strong>Director:<\/strong> Karina P\u00e9rez Soto<\/p>\n<p><strong>Direcci\u00f3n:<\/strong> Los Lirios #101, Villa Cosmito.<\/p>\n<p><strong>Tel\u00e9fono:<\/strong> 41 2261308<\/p>\n<p><strong>Correo:<\/strong> karina.perez@escuelaethelhenck.cl<\/p>\n<p><strong>RBD:<\/strong> 4814-3<\/p>\n<p><strong><span style=\"color: #333333;\"><a href=\"https:\/\/www.facebook.com\/profile.php?id=100010165717378\" style=\"color: #333333;\">https:\/\/www.facebook.com\/profile.php?id=100010165717378<\/a><\/span><\/strong><\/p>\n<p><strong><span style=\"color: #333333;\"><a href=\"https:\/\/www.instagram.com\/escuela_ethel_henck_de_grant\/\" style=\"color: #333333;\">https:\/\/www.instagram.com\/escuela_ethel_henck_de_grant\/<\/a><\/span><\/strong><\/p>\n<p>[\/et_pb_text][et_pb_text _builder_version=\u00bb4.27.4&#8243; _module_preset=\u00bbdefault\u00bb text_font=\u00bbVarela Round||||||||\u00bb text_font_size=\u00bb16px\u00bb text_line_height=\u00bb1.3em\u00bb custom_margin=\u00bb82px||0px||false|false\u00bb global_colors_info=\u00bb{}\u00bb]<\/p>\n<p><strong>ESCUELA FORJADORES DE CHILE<\/strong><\/p>\n<p><strong>Director: <\/strong>Carla Herrera Quiroz<\/p>\n<p><strong>Direcci\u00f3n:<\/strong> Calle Eusebio Lillo #235, Pob. Forjadores de Chile.<\/p>\n<p><strong>Tel\u00e9fono:<\/strong> 412450080<\/p>\n<p><strong>Correo:<\/strong> Carla.herrera@escuelaforjadoresdechile.cl<\/p>\n<p><strong>RBD:<\/strong> 18015-7<\/p>\n<p><strong><span style=\"color: #333333;\"><a href=\"https:\/\/www.facebook.com\/escuelaforjadoresdechile\" style=\"color: #333333;\">https:\/\/www.facebook.com\/escuelaforjadoresdechile<\/a><\/span><\/strong><\/p>\n<p><strong><span style=\"color: #333333;\"><a href=\"https:\/\/www.instagram.com\/escuelaforjadoresdechile\/\" style=\"color: #333333;\">https:\/\/www.instagram.com\/escuelaforjadoresdechile\/<\/a><\/span><\/strong><\/p>\n<p>[\/et_pb_text][et_pb_text _builder_version=\u00bb4.27.4&#8243; _module_preset=\u00bbdefault\u00bb text_font=\u00bbVarela Round||||||||\u00bb text_font_size=\u00bb16px\u00bb text_line_height=\u00bb1.3em\u00bb custom_margin=\u00bb120px||41px||false|false\u00bb global_colors_info=\u00bb{}\u00bb]<\/p>\n<p><strong>ESCUELA LOS CONQUISTADORES<\/strong><\/p>\n<p><strong>Director:<\/strong> Leopoldo Valencia Silva<\/p>\n<p><strong>Direcci\u00f3n:<\/strong> Cochrane #40, Penco.<\/p>\n<p><strong>Tel\u00e9fono: <\/strong>412456058<\/p>\n<p><strong>Correo:<\/strong> leopoldo.valencia@escuelalosconquistadores.cl<\/p>\n<p><strong>RBD:<\/strong> 18014-9<\/p>\n<p><strong><span style=\"color: #333333;\"><a href=\"https:\/\/www.facebook.com\/escuelaconquistadorespenco\" style=\"color: #333333;\">https:\/\/www.facebook.com\/escuelaconquistadorespenco<\/a><\/span><\/strong><\/p>\n<p><strong><span style=\"color: #333333;\"><a href=\"https:\/\/www.instagram.com\/escuelaconquistadores\/\" style=\"color: #333333;\">https:\/\/www.instagram.com\/escuelaconquistadores\/<\/a><\/span><\/strong><\/p>\n<p>[\/et_pb_text][\/et_pb_column][et_pb_column type=\u00bb1_4&#8243; _builder_version=\u00bb4.27.4&#8243; _module_preset=\u00bbdefault\u00bb global_colors_info=\u00bb{}\u00bb][et_pb_image src=\u00bbhttps:\/\/educapenco.cl\/dem\/wp-content\/uploads\/2025\/01\/penco-2.png\u00bb title_text=\u00bbpenco\u00bb url=\u00bbhttps:\/\/penco.cl\/\u00bb url_new_window=\u00bbon\u00bb force_fullwidth=\u00bbon\u00bb _builder_version=\u00bb4.27.4&#8243; _module_preset=\u00bbdefault\u00bb module_alignment=\u00bbright\u00bb custom_margin=\u00bb20px||20px||false|false\u00bb global_colors_info=\u00bb{}\u00bb][\/et_pb_image][et_pb_image src=\u00bbhttps:\/\/educapenco.cl\/dem\/wp-content\/uploads\/2025\/01\/ANOTATE-EN-LA-LISTA.jpg\u00bb title_text=\u00bbAN\u00d3TATE-EN-LA-LISTA\u00bb url=\u00bbhttps:\/\/registropublicodigital.mineduc.gob.cl\/rpd-app-registro-apoderado\/login\u00bb url_new_window=\u00bbon\u00bb _builder_version=\u00bb4.27.4&#8243; _module_preset=\u00bbdefault\u00bb global_colors_info=\u00bb{}\u00bb][\/et_pb_image][et_pb_image src=\u00bbhttps:\/\/educapenco.cl\/dem\/wp-content\/uploads\/2025\/01\/icon-transparencia-solicita.png\u00bb title_text=\u00bbicon-transparencia-solicita\u00bb url=\u00bbhttps:\/\/www.portaltransparencia.cl\/PortalPdT\/web\/guest\/directorio-de-organismos-regulados?p_p_id=pdtorganismos_WAR_pdtorganismosportlet&#038;orgcode=d238e8509d22ab7f26a23c910afb145a\u00bb url_new_window=\u00bbon\u00bb _builder_version=\u00bb4.27.4&#8243; _module_preset=\u00bbdefault\u00bb custom_margin=\u00bb20px||||false|false\u00bb global_colors_info=\u00bb{}\u00bb][\/et_pb_image][et_pb_image src=\u00bbhttps:\/\/educapenco.cl\/dem\/wp-content\/uploads\/2025\/01\/icon-transparencia-activa.png\u00bb title_text=\u00bbicon-transparencia-activa\u00bb url=\u00bbhttps:\/\/www.portaltransparencia.cl\/PortalPdT\/directorio-de-organismos-regulados\/?org=MU210&#8243; url_new_window=\u00bbon\u00bb _builder_version=\u00bb4.27.4&#8243; _module_preset=\u00bbdefault\u00bb custom_margin=\u00bb20px||||false|false\u00bb global_colors_info=\u00bb{}\u00bb][\/et_pb_image][et_pb_image src=\u00bbhttps:\/\/educapenco.cl\/dem\/wp-content\/uploads\/2025\/01\/icon-lobby-plataforma.png\u00bb title_text=\u00bbicon-lobby-plataforma\u00bb url=\u00bbhttps:\/\/www.leylobby.gob.cl\/admin\/auth\/prelogin-funcionarios\u00bb url_new_window=\u00bbon\u00bb _builder_version=\u00bb4.27.4&#8243; _module_preset=\u00bbdefault\u00bb custom_margin=\u00bb20px||||false|false\u00bb global_colors_info=\u00bb{}\u00bb][\/et_pb_image][\/et_pb_column][\/et_pb_row][et_pb_row column_structure=\u00bb3_4,1_4&#8243; _builder_version=\u00bb4.27.4&#8243; _module_preset=\u00bbdefault\u00bb global_colors_info=\u00bb{}\u00bb][et_pb_column type=\u00bb3_4&#8243; _builder_version=\u00bb4.27.4&#8243; _module_preset=\u00bbdefault\u00bb global_colors_info=\u00bb{}\u00bb][et_pb_text _builder_version=\u00bb4.27.4&#8243; _module_preset=\u00bbdefault\u00bb text_font=\u00bbWork Sans|700|||||||\u00bb text_text_color=\u00bb#E12D89&#8243; text_font_size=\u00bb18px\u00bb text_orientation=\u00bbcenter\u00bb custom_margin=\u00bb30px||||false|false\u00bb global_colors_info=\u00bb{}\u00bb]<\/p>\n<p><strong>01<\/strong><span>\u00a0Escuela Rural Multigrado<\/span><\/p>\n<p>[\/et_pb_text][\/et_pb_column][et_pb_column type=\u00bb1_4&#8243; _builder_version=\u00bb4.27.4&#8243; _module_preset=\u00bbdefault\u00bb global_colors_info=\u00bb{}\u00bb][\/et_pb_column][\/et_pb_row][et_pb_row column_structure=\u00bb1_4,1_2,1_4&#8243; _builder_version=\u00bb4.27.4&#8243; _module_preset=\u00bbdefault\u00bb global_colors_info=\u00bb{}\u00bb][et_pb_column type=\u00bb1_4&#8243; _builder_version=\u00bb4.27.4&#8243; _module_preset=\u00bbdefault\u00bb global_colors_info=\u00bb{}\u00bb][et_pb_image src=\u00bbhttps:\/\/educapenco.cl\/dem\/wp-content\/uploads\/2025\/04\/ESCUDO_Mesa-de-trabajo-1-copia-5.png\u00bb title_text=\u00bbESCUDO_Mesa de trabajo 1 copia 5&#8243; _builder_version=\u00bb4.27.4&#8243; _module_preset=\u00bbdefault\u00bb custom_padding=\u00bb30px|50px|30px|50px|false|false\u00bb global_colors_info=\u00bb{}\u00bb][\/et_pb_image][\/et_pb_column][et_pb_column type=\u00bb1_2&#8243; _builder_version=\u00bb4.27.4&#8243; _module_preset=\u00bbdefault\u00bb global_colors_info=\u00bb{}\u00bb][et_pb_text _builder_version=\u00bb4.27.4&#8243; _module_preset=\u00bbdefault\u00bb text_font=\u00bbVarela Round||||||||\u00bb text_font_size=\u00bb16px\u00bb text_line_height=\u00bb1.3em\u00bb custom_margin=\u00bb30px||35px||false|false\u00bb global_colors_info=\u00bb{}\u00bb]<\/p>\n<p><strong>ESCUELA PRIMER AGUA ABAJO<\/strong><\/p>\n<p><strong>Director:<\/strong> Pamela Jarpa Tapia<\/p>\n<p><strong>Direcci\u00f3n:<\/strong> Fundo Primer Agua Abajo S\/N<\/p>\n<p><strong>Tel\u00e9fono:<\/strong> 999395711<\/p>\n<p><strong>Correo:<\/strong> pjarpa@educapenco.cl<\/p>\n<p><strong>RBD:<\/strong> 4817-8<\/p>\n<p><strong><span style=\"color: #333333;\"><a href=\"https:\/\/www.facebook.com\/EscPrimerAguaAbajo\" style=\"color: #333333;\">https:\/\/www.facebook.com\/EscPrimerAguaAbajo<\/a><\/span><\/strong><\/p>\n<p><strong><span style=\"color: #333333;\"><a href=\"https:\/\/www.instagram.com\/escuelaprimeraguapenco\/\" style=\"color: #333333;\">https:\/\/www.instagram.com\/escuelaprimeraguapenco\/<\/a><\/span><\/strong><\/p>\n<p>[\/et_pb_text][\/et_pb_column][et_pb_column type=\u00bb1_4&#8243; _builder_version=\u00bb4.27.4&#8243; _module_preset=\u00bbdefault\u00bb global_colors_info=\u00bb{}\u00bb][\/et_pb_column][\/et_pb_row][et_pb_row column_structure=\u00bb3_4,1_4&#8243; _builder_version=\u00bb4.27.4&#8243; _module_preset=\u00bbdefault\u00bb global_colors_info=\u00bb{}\u00bb][et_pb_column type=\u00bb3_4&#8243; _builder_version=\u00bb4.27.4&#8243; _module_preset=\u00bbdefault\u00bb global_colors_info=\u00bb{}\u00bb][et_pb_text _builder_version=\u00bb4.27.4&#8243; _module_preset=\u00bbdefault\u00bb text_font=\u00bbWork Sans|700|||||||\u00bb text_text_color=\u00bb#E12D89&#8243; text_font_size=\u00bb18px\u00bb text_orientation=\u00bbcenter\u00bb custom_margin=\u00bb30px||||false|false\u00bb global_colors_info=\u00bb{}\u00bb]<\/p>\n<p><strong>01<\/strong><span>\u00a0Escuela Diferencial<\/span><\/p>\n<p>[\/et_pb_text][\/et_pb_column][et_pb_column type=\u00bb1_4&#8243; _builder_version=\u00bb4.27.4&#8243; _module_preset=\u00bbdefault\u00bb global_colors_info=\u00bb{}\u00bb][\/et_pb_column][\/et_pb_row][et_pb_row column_structure=\u00bb1_4,1_2,1_4&#8243; _builder_version=\u00bb4.27.4&#8243; _module_preset=\u00bbdefault\u00bb global_colors_info=\u00bb{}\u00bb][et_pb_column type=\u00bb1_4&#8243; _builder_version=\u00bb4.27.4&#8243; _module_preset=\u00bbdefault\u00bb global_colors_info=\u00bb{}\u00bb][et_pb_image src=\u00bbhttps:\/\/educapenco.cl\/dem\/wp-content\/uploads\/2025\/04\/ESCUDO_Mesa-de-trabajo-1-copia-4.png\u00bb title_text=\u00bbESCUDO_Mesa de trabajo 1 copia 4&#8243; _builder_version=\u00bb4.27.4&#8243; _module_preset=\u00bbdefault\u00bb custom_padding=\u00bb0px|25px|0px|25px|false|false\u00bb global_colors_info=\u00bb{}\u00bb][\/et_pb_image][\/et_pb_column][et_pb_column type=\u00bb1_2&#8243; _builder_version=\u00bb4.27.4&#8243; _module_preset=\u00bbdefault\u00bb global_colors_info=\u00bb{}\u00bb][et_pb_text _builder_version=\u00bb4.27.4&#8243; _module_preset=\u00bbdefault\u00bb text_font=\u00bbVarela Round||||||||\u00bb text_font_size=\u00bb16px\u00bb text_line_height=\u00bb1.3em\u00bb custom_margin=\u00bb30px||35px||false|false\u00bb global_colors_info=\u00bb{}\u00bb]<\/p>\n<p><strong>ESCUELA MARTA STOWHAS KARGUS<\/strong><\/p>\n<p><strong>Director:<\/strong> M\u00f3nica Arrau Gamonal<\/p>\n<p><strong>Direcci\u00f3n:<\/strong> Calle Freire N\u00b0260, Penco.<\/p>\n<p><strong>Tel\u00e9fono:<\/strong> 41- 2183847<\/p>\n<p><strong>Correo:<\/strong> monica.arrau@escuelamartastowhas.cl<\/p>\n<p><strong>RBD:<\/strong> 4803-8<\/p>\n<p><strong><span style=\"color: #333333;\"><a href=\"https:\/\/www.facebook.com\/profile.php?id=100063580570820\" style=\"color: #333333;\">https:\/\/www.facebook.com\/profile.php?id=100063580570820<\/a><\/span><\/strong><\/p>\n<p><strong><span style=\"color: #333333;\"><a href=\"https:\/\/www.instagram.com\/escuelamartastowhask\/\" style=\"color: #333333;\">https:\/\/www.instagram.com\/escuelamartastowhask\/<\/a><\/span><\/strong><\/p>\n<p>[\/et_pb_text][\/et_pb_column][et_pb_column type=\u00bb1_4&#8243; _builder_version=\u00bb4.27.4&#8243; _module_preset=\u00bbdefault\u00bb global_colors_info=\u00bb{}\u00bb][\/et_pb_column][\/et_pb_row][et_pb_row column_structure=\u00bb3_4,1_4&#8243; _builder_version=\u00bb4.27.4&#8243; _module_preset=\u00bbdefault\u00bb global_colors_info=\u00bb{}\u00bb][et_pb_column type=\u00bb3_4&#8243; _builder_version=\u00bb4.27.4&#8243; _module_preset=\u00bbdefault\u00bb global_colors_info=\u00bb{}\u00bb][et_pb_text _builder_version=\u00bb4.27.4&#8243; _module_preset=\u00bbdefault\u00bb text_font=\u00bbWork Sans|700|||||||\u00bb text_text_color=\u00bb#E12D89&#8243; text_font_size=\u00bb18px\u00bb text_orientation=\u00bbcenter\u00bb custom_margin=\u00bb30px||||false|false\u00bb global_colors_info=\u00bb{}\u00bb]<\/p>\n<p><strong>01<\/strong><span>\u00a0Liceo de Ense\u00f1anza B\u00e1sica y Ense\u00f1anza Media T\u00e9cnico Profesional<\/span><\/p>\n<p>[\/et_pb_text][\/et_pb_column][et_pb_column type=\u00bb1_4&#8243; _builder_version=\u00bb4.27.4&#8243; _module_preset=\u00bbdefault\u00bb global_colors_info=\u00bb{}\u00bb][\/et_pb_column][\/et_pb_row][et_pb_row column_structure=\u00bb1_4,1_2,1_4&#8243; _builder_version=\u00bb4.27.4&#8243; _module_preset=\u00bbdefault\u00bb global_colors_info=\u00bb{}\u00bb][et_pb_column type=\u00bb1_4&#8243; _builder_version=\u00bb4.27.4&#8243; _module_preset=\u00bbdefault\u00bb global_colors_info=\u00bb{}\u00bb][et_pb_image src=\u00bbhttps:\/\/educapenco.cl\/dem\/wp-content\/uploads\/2025\/04\/ESCUDO_Mesa-de-trabajo-1-copia-14.png\u00bb title_text=\u00bbESCUDO_Mesa de trabajo 1 copia 14&#8243; _builder_version=\u00bb4.27.4&#8243; _module_preset=\u00bbdefault\u00bb custom_padding=\u00bb30px|50px|30px|50px|false|false\u00bb global_colors_info=\u00bb{}\u00bb][\/et_pb_image][\/et_pb_column][et_pb_column type=\u00bb1_2&#8243; _builder_version=\u00bb4.27.4&#8243; _module_preset=\u00bbdefault\u00bb global_colors_info=\u00bb{}\u00bb][et_pb_text _builder_version=\u00bb4.27.4&#8243; _module_preset=\u00bbdefault\u00bb text_font=\u00bbVarela Round||||||||\u00bb text_font_size=\u00bb16px\u00bb text_line_height=\u00bb1.3em\u00bb custom_margin=\u00bb30px||35px||false|false\u00bb global_colors_info=\u00bb{}\u00bb]<\/p>\n<p><strong>LICEO R\u00cdOS DE CHILE<\/strong><\/p>\n<p><strong>Director:<\/strong> Paulina Raig Z\u00fa\u00f1iga<\/p>\n<p><strong>Direcci\u00f3n:<\/strong> Camino Forestal Dichoco S\/N, Lirqu\u00e9n.<\/p>\n<p><strong>Tel\u00e9fono:<\/strong> 41- 2261308<\/p>\n<p><strong>Correo:<\/strong> riosdechileliceo@gmail.com<\/p>\n<p><strong>RBD:<\/strong> 17782-2<\/p>\n<p><strong><span style=\"color: #333333;\"><a href=\"https:\/\/www.facebook.com\/fanpageliceoriosdechile\" style=\"color: #333333;\">https:\/\/www.facebook.com\/fanpageliceoriosdechile<\/a><\/span><\/strong><\/p>\n<p><strong><span style=\"color: #333333;\"><a href=\"https:\/\/www.instagram.com\/liceoriosdechile\/\" style=\"color: #333333;\">https:\/\/www.instagram.com\/liceoriosdechile\/<\/a><\/span><\/strong><\/p>\n<p>[\/et_pb_text][\/et_pb_column][et_pb_column type=\u00bb1_4&#8243; _builder_version=\u00bb4.27.4&#8243; _module_preset=\u00bbdefault\u00bb global_colors_info=\u00bb{}\u00bb][\/et_pb_column][\/et_pb_row][et_pb_row column_structure=\u00bb3_4,1_4&#8243; _builder_version=\u00bb4.27.4&#8243; _module_preset=\u00bbdefault\u00bb global_colors_info=\u00bb{}\u00bb][et_pb_column type=\u00bb3_4&#8243; _builder_version=\u00bb4.27.4&#8243; _module_preset=\u00bbdefault\u00bb global_colors_info=\u00bb{}\u00bb][et_pb_text _builder_version=\u00bb4.27.4&#8243; _module_preset=\u00bbdefault\u00bb text_font=\u00bbWork Sans|700|||||||\u00bb text_text_color=\u00bb#E12D89&#8243; text_font_size=\u00bb18px\u00bb text_orientation=\u00bbcenter\u00bb custom_margin=\u00bb30px||||false|false\u00bb global_colors_info=\u00bb{}\u00bb]<\/p>\n<p><strong>01<\/strong><span>\u00a0Liceo de Ense\u00f1anza B\u00e1sica y Educaci\u00f3n Media Cient\u00edfico Humanista<\/span><\/p>\n<p>[\/et_pb_text][\/et_pb_column][et_pb_column type=\u00bb1_4&#8243; _builder_version=\u00bb4.27.4&#8243; _module_preset=\u00bbdefault\u00bb global_colors_info=\u00bb{}\u00bb][\/et_pb_column][\/et_pb_row][et_pb_row column_structure=\u00bb1_4,1_2,1_4&#8243; _builder_version=\u00bb4.27.4&#8243; _module_preset=\u00bbdefault\u00bb global_colors_info=\u00bb{}\u00bb][et_pb_column type=\u00bb1_4&#8243; _builder_version=\u00bb4.27.4&#8243; _module_preset=\u00bbdefault\u00bb global_colors_info=\u00bb{}\u00bb][et_pb_image src=\u00bbhttps:\/\/educapenco.cl\/dem\/wp-content\/uploads\/2025\/07\/ESCUDO-COLEGIO-REP-ITALIA_Mesa-de-trabajo-1-scaled.png\u00bb title_text=\u00bbESCUDO COLEGIO REP ITALIA_Mesa de trabajo 1&#8243; _builder_version=\u00bb4.27.4&#8243; _module_preset=\u00bbdefault\u00bb custom_margin=\u00bb-38px||||false|false\u00bb custom_padding=\u00bb30px|50px|30px|50px|false|false\u00bb global_colors_info=\u00bb{}\u00bb][\/et_pb_image][\/et_pb_column][et_pb_column type=\u00bb1_2&#8243; _builder_version=\u00bb4.27.4&#8243; _module_preset=\u00bbdefault\u00bb global_colors_info=\u00bb{}\u00bb][et_pb_text _builder_version=\u00bb4.27.4&#8243; _module_preset=\u00bbdefault\u00bb text_font=\u00bbVarela Round||||||||\u00bb text_font_size=\u00bb16px\u00bb text_line_height=\u00bb1.3em\u00bb custom_margin=\u00bb30px||35px||false|false\u00bb global_colors_info=\u00bb{}\u00bb]<\/p>\n<p><strong>COLEGIO REP\u00daBLICA DE ITALIA<\/strong><\/p>\n<p><strong>Director:<\/strong> Elizabeth Aguirre Rodr\u00edguez<\/p>\n<p><strong>Direcci\u00f3n:<\/strong> Roberto Ovalle #2, Penco.<\/p>\n<p><strong>Tel\u00e9fono: <\/strong>940918188<\/p>\n<p><strong>Correo: <\/strong>escuelaitaliapenco@gmail.com<\/p>\n<p><strong>RBD:<\/strong> 4806<\/p>\n<p><strong><span style=\"color: #333333;\"><a href=\"https:\/\/www.facebook.com\/profile.php?id=100057533856488\" style=\"color: #333333;\">https:\/\/www.facebook.com\/profile.php?id=100057533856488<\/a><\/span><\/strong><\/p>\n<p><strong><span style=\"color: #333333;\"><a href=\"https:\/\/www.instagram.com\/escuelarepublicadeitalia\/\" style=\"color: #333333;\">https:\/\/www.instagram.com\/escuelarepublicadeitalia\/<\/a><\/span><\/strong><\/p>\n<p>[\/et_pb_text][\/et_pb_column][et_pb_column type=\u00bb1_4&#8243; _builder_version=\u00bb4.27.4&#8243; _module_preset=\u00bbdefault\u00bb global_colors_info=\u00bb{}\u00bb][\/et_pb_column][\/et_pb_row][et_pb_row column_structure=\u00bb3_4,1_4&#8243; _builder_version=\u00bb4.27.4&#8243; _module_preset=\u00bbdefault\u00bb global_colors_info=\u00bb{}\u00bb][et_pb_column type=\u00bb3_4&#8243; _builder_version=\u00bb4.27.4&#8243; _module_preset=\u00bbdefault\u00bb global_colors_info=\u00bb{}\u00bb][et_pb_text _builder_version=\u00bb4.27.4&#8243; _module_preset=\u00bbdefault\u00bb text_font=\u00bbWork Sans|700|||||||\u00bb text_text_color=\u00bb#E12D89&#8243; text_font_size=\u00bb18px\u00bb text_orientation=\u00bbcenter\u00bb custom_margin=\u00bb30px||||false|false\u00bb global_colors_info=\u00bb{}\u00bb]<\/p>\n<p><strong>01<\/strong><span>\u00a0Liceo HC y TP modalidad polivalente, que contempla adem\u00e1s 3\u00b0 jornada vespertina con educaci\u00f3n de adultos b\u00e1sica y media<\/span><\/p>\n<p>[\/et_pb_text][\/et_pb_column][et_pb_column type=\u00bb1_4&#8243; _builder_version=\u00bb4.27.4&#8243; _module_preset=\u00bbdefault\u00bb global_colors_info=\u00bb{}\u00bb][\/et_pb_column][\/et_pb_row][et_pb_row column_structure=\u00bb1_4,1_2,1_4&#8243; _builder_version=\u00bb4.27.4&#8243; _module_preset=\u00bbdefault\u00bb global_colors_info=\u00bb{}\u00bb][et_pb_column type=\u00bb1_4&#8243; _builder_version=\u00bb4.27.4&#8243; _module_preset=\u00bbdefault\u00bb global_colors_info=\u00bb{}\u00bb][et_pb_image src=\u00bbhttps:\/\/educapenco.cl\/dem\/wp-content\/uploads\/2025\/09\/Pencopolitano-2025_Mesa-de-trabajo-1-scaled.png\u00bb title_text=\u00bbPencopolitano 2025_Mesa de trabajo 1&#8243; _builder_version=\u00bb4.27.4&#8243; _module_preset=\u00bbdefault\u00bb custom_padding=\u00bb30px|50px|30px|50px|false|false\u00bb global_colors_info=\u00bb{}\u00bb][\/et_pb_image][\/et_pb_column][et_pb_column type=\u00bb1_2&#8243; _builder_version=\u00bb4.27.4&#8243; _module_preset=\u00bbdefault\u00bb global_colors_info=\u00bb{}\u00bb][et_pb_text _builder_version=\u00bb4.27.4&#8243; _module_preset=\u00bbdefault\u00bb text_font=\u00bbVarela Round||||||||\u00bb text_font_size=\u00bb16px\u00bb text_line_height=\u00bb1.3em\u00bb custom_margin=\u00bb30px||35px||false|false\u00bb global_colors_info=\u00bb{}\u00bb]<\/p>\n<p><strong>LICEO PENCOPOLITANO<\/strong><\/p>\n<p><strong>Director:<\/strong> Alex D\u00edaz Villouta<\/p>\n<p><strong>Direcci\u00f3n:<\/strong> Calle San Vicente N\u00b051, Penco<\/p>\n<p><strong>Tel\u00e9fono:<\/strong> 41-2451016<\/p>\n<p><strong>Correo: <\/strong>alex.diaz@liceopencopolitano.cl<\/p>\n<p><strong>RBD:<\/strong> 4805-4<\/p>\n<p><strong><span style=\"color: #333333;\"><a href=\"https:\/\/www.facebook.com\/liceo.pencopolitano\" style=\"color: #333333;\">https:\/\/www.facebook.com\/liceo.pencopolitano<\/a><\/span><\/strong><\/p>\n<p><strong><span style=\"color: #333333;\"><a href=\"https:\/\/www.instagram.com\/liceopencopolitano\/\" style=\"color: #333333;\">https:\/\/www.instagram.com\/liceopencopolitano\/<\/a><\/span><\/strong><\/p>\n<p>[\/et_pb_text][\/et_pb_column][et_pb_column type=\u00bb1_4&#8243; _builder_version=\u00bb4.27.4&#8243; _module_preset=\u00bbdefault\u00bb global_colors_info=\u00bb{}\u00bb][\/et_pb_column][\/et_pb_row][\/et_pb_section]<\/p>\n","protected":false},"excerpt":{"rendered":"<p>10 Escuelas B\u00e1sicas con ense\u00f1anza completa de Pre k\u00ednder a Octavo B\u00e1sicoESCUELA ISLA DE PASCUA Director: Ricardo Sandoval Ram\u00edrez Direcci\u00f3n: Las Heras # 485, Penco. Tel\u00e9fono: 412456235 Correo: ricardo.sandoval@escuelaisladepascua.cl RBD: 4807-0 https:\/\/www.facebook.com\/profile.php?id=100063457122161 https:\/\/www.instagram.com\/escuelaisladepascua\/ESCUELA PENCO Director: Sandra Sanzana Castro Direcci\u00f3n: Mait\u00e9n #297, Penco. Tel\u00e9fono: 412451282 Correo: escuelapenco@escuelapenco.cl RBD: 4808-9 https:\/\/www.facebook.com\/escuelapenco.oficial https:\/\/www.instagram.com\/escuelapenco\/ESCUELA EDUARDO CAMPBELL SAAVEDRA Director: Soraya [&hellip;]<\/p>\n","protected":false},"author":1,"featured_media":0,"parent":0,"menu_order":0,"comment_status":"closed","ping_status":"closed","template":"","meta":{"_et_pb_use_builder":"on","_et_pb_old_content":"","_et_gb_content_width":"","footnotes":""},"class_list":["post-130","page","type-page","status-publish","hentry"],"_links":{"self":[{"href":"https:\/\/educapenco.cl\/dem\/wp-json\/wp\/v2\/pages\/130","targetHints":{"allow":["GET"]}}],"collection":[{"href":"https:\/\/educapenco.cl\/dem\/wp-json\/wp\/v2\/pages"}],"about":[{"href":"https:\/\/educapenco.cl\/dem\/wp-json\/wp\/v2\/types\/page"}],"author":[{"embeddable":true,"href":"https:\/\/educapenco.cl\/dem\/wp-json\/wp\/v2\/users\/1"}],"replies":[{"embeddable":true,"href":"https:\/\/educapenco.cl\/dem\/wp-json\/wp\/v2\/comments?post=130"}],"version-history":[{"count":93,"href":"https:\/\/educapenco.cl\/dem\/wp-json\/wp\/v2\/pages\/130\/revisions"}],"predecessor-version":[{"id":766,"href":"https:\/\/educapenco.cl\/dem\/wp-json\/wp\/v2\/pages\/130\/revisions\/766"}],"wp:attachment":[{"href":"https:\/\/educapenco.cl\/dem\/wp-json\/wp\/v2\/media?parent=130"}],"curies":[{"name":"wp","href":"https:\/\/api.w.org\/{rel}","templated":true}]}}