{"id":370,"date":"2025-01-28T17:44:10","date_gmt":"2025-01-28T16:44:10","guid":{"rendered":"https:\/\/educapenco.cl\/dem\/?page_id=370"},"modified":"2025-03-04T17:53:25","modified_gmt":"2025-03-04T16:53:25","slug":"nosotros-3","status":"publish","type":"page","link":"https:\/\/educapenco.cl\/dem\/nosotros-3","title":{"rendered":"NOSOTROS"},"content":{"rendered":"<p>[et_pb_section fb_built=\u00bb1&#8243; _builder_version=\u00bb4.27.4&#8243; _module_preset=\u00bbdefault\u00bb global_colors_info=\u00bb{}\u00bb][et_pb_row column_structure=\u00bb3_4,1_4&#8243; _builder_version=\u00bb4.27.4&#8243; _module_preset=\u00bbdefault\u00bb global_colors_info=\u00bb{}\u00bb][et_pb_column type=\u00bb3_4&#8243; _builder_version=\u00bb4.27.4&#8243; _module_preset=\u00bbdefault\u00bb global_colors_info=\u00bb{}\u00bb][et_pb_heading title=\u00bbDepartamento de Educaci\u00f3n Municipal de Penco\u00bb _builder_version=\u00bb4.27.4&#8243; _module_preset=\u00bbdefault\u00bb title_font=\u00bbWork Sans|700|||||||\u00bb title_text_align=\u00bbcenter\u00bb title_text_color=\u00bb#E12D89&#8243; title_font_size=\u00bb20px\u00bb title_letter_spacing=\u00bb-1px\u00bb custom_margin=\u00bb40px|20px|10px||false|false\u00bb global_colors_info=\u00bb{}\u00bb][\/et_pb_heading][et_pb_text _builder_version=\u00bb4.27.4&#8243; _module_preset=\u00bbdefault\u00bb text_font=\u00bbVarela Round||||||||\u00bb text_font_size=\u00bb16px\u00bb text_line_height=\u00bb1.3em\u00bb text_orientation=\u00bbjustified\u00bb custom_margin=\u00bb|30px|10px||false|false\u00bb global_colors_info=\u00bb{}\u00bb]<\/p>\n<p><strong>El Departamento de Educaci\u00f3n Municipal de Penco<\/strong>, es el encargado de administrar el sistema educacional, involucrando la gesti\u00f3n financiera, personal y el manejo de la infraestructura f\u00edsica; as\u00ed tambi\u00e9n de la ejecuci\u00f3n y supervisi\u00f3n de Programas y Proyectos Educativos como por ejemplo; Subvenci\u00f3n Escolar Preferencial, Programa de Integraci\u00f3n Escolar, Asignaci\u00f3n de Desempe\u00f1o Colectivo Directivo, Evaluaci\u00f3n Docente, Convenios de Desempe\u00f1o, Perfeccionamiento Docente, Plan de Superaci\u00f3n Profesional, entre otros.<\/p>\n<p><strong>Los 20 Establecimientos Educacionales Administrados por la Educaci\u00f3n Municipal se distribuyen en el siguiente esquema:<\/strong><\/p>\n<p><strong>05<\/strong> Salas Cunas y Jardines Infantiles v\u00eda transferencia de fondos (VTF)<\/p>\n<p><strong>10<\/strong> Escuelas B\u00e1sicas con ense\u00f1anza completa de Pre k\u00ednder a Octavo B\u00e1sico<\/p>\n<p><strong>01<\/strong> Escuela Rural Multigrado<\/p>\n<p><strong>01<\/strong> Escuela Diferencial<\/p>\n<p><strong>01<\/strong> Liceo de Ense\u00f1anza B\u00e1sica y Ense\u00f1anza Media T\u00e9cnico Profesional<\/p>\n<p><strong>01<\/strong> Liceo de Ense\u00f1anza B\u00e1sica y Educaci\u00f3n Media Cient\u00edfico Humanista<\/p>\n<p><strong>01<\/strong> Liceo HC y TP modalidad polivalente, que contempla adem\u00e1s 3\u00b0 jornada vespertina con educaci\u00f3n de adultos b\u00e1sica y media.<\/p>\n<p>[\/et_pb_text][et_pb_image src=\u00bbhttp:\/\/educapenco.cl\/dem\/wp-content\/uploads\/2025\/01\/ESTUDIANTES-CARRERA.jpg\u00bb title_text=\u00bbESTUDIANTES-CARRERA\u00bb force_fullwidth=\u00bbon\u00bb _builder_version=\u00bb4.27.4&#8243; _module_preset=\u00bbdefault\u00bb custom_margin=\u00bb10px|30px|40px||false|false\u00bb custom_padding=\u00bb|30px|||false|false\u00bb border_color_bottom=\u00bb#E12D89&#8243; global_colors_info=\u00bb{}\u00bb][\/et_pb_image][\/et_pb_column][et_pb_column type=\u00bb1_4&#8243; _builder_version=\u00bb4.27.4&#8243; _module_preset=\u00bbdefault\u00bb global_colors_info=\u00bb{}\u00bb][et_pb_social_media_follow _builder_version=\u00bb4.27.4&#8243; _module_preset=\u00bbdefault\u00bb custom_margin=\u00bb40px||||false|false\u00bb global_colors_info=\u00bb{}\u00bb theme_builder_area=\u00bbpost_content\u00bb][et_pb_social_media_follow_network social_network=\u00bbfacebook\u00bb url=\u00bbhttps:\/\/www.facebook.com\/pencodem\u00bb use_icon_font_size=\u00bbon\u00bb icon_font_size=\u00bb20px\u00bb _builder_version=\u00bb4.27.4&#8243; _module_preset=\u00bbdefault\u00bb background_color=\u00bb#3b5998&#8243; global_colors_info=\u00bb{}\u00bb theme_builder_area=\u00bbpost_content\u00bb follow_button=\u00bboff\u00bb url_new_window=\u00bbon\u00bb]facebook[\/et_pb_social_media_follow_network][et_pb_social_media_follow_network social_network=\u00bbinstagram\u00bb url=\u00bbhttps:\/\/www.instagram.com\/dem_penco?igsh=MXVpZjdvMXE4c29ucg==\u00bb use_icon_font_size=\u00bbon\u00bb icon_font_size=\u00bb20px\u00bb _builder_version=\u00bb4.27.4&#8243; _module_preset=\u00bbdefault\u00bb background_color=\u00bb#ea2c59&#8243; global_colors_info=\u00bb{}\u00bb theme_builder_area=\u00bbpost_content\u00bb follow_button=\u00bboff\u00bb url_new_window=\u00bbon\u00bb]instagram[\/et_pb_social_media_follow_network][\/et_pb_social_media_follow][et_pb_search button_color=\u00bb#E12D89&#8243; _builder_version=\u00bb4.27.4&#8243; _module_preset=\u00bbdefault\u00bb button_font=\u00bbWork Sans|600|||||||\u00bb button_text_color=\u00bb#FFFFFF\u00bb button_line_height=\u00bb2em\u00bb form_field_font=\u00bbVarela Round||||||||\u00bb width=\u00bb100%\u00bb max_width=\u00bb100%\u00bb module_alignment=\u00bbright\u00bb custom_margin=\u00bb20px|0px||0px|false|false\u00bb hover_enabled=\u00bb0&#8243; global_colors_info=\u00bb{}\u00bb sticky_enabled=\u00bb0&#8243;][\/et_pb_search][et_pb_image src=\u00bbhttp:\/\/educapenco.cl\/dem\/wp-content\/uploads\/2025\/01\/penco-2.png\u00bb title_text=\u00bbpenco\u00bb url=\u00bbhttps:\/\/penco.cl\/\u00bb url_new_window=\u00bbon\u00bb force_fullwidth=\u00bbon\u00bb _builder_version=\u00bb4.27.4&#8243; _module_preset=\u00bbdefault\u00bb module_alignment=\u00bbright\u00bb custom_margin=\u00bb20px||20px||false|false\u00bb global_colors_info=\u00bb{}\u00bb][\/et_pb_image][et_pb_image src=\u00bbhttp:\/\/educapenco.cl\/dem\/wp-content\/uploads\/2025\/01\/ANOTATE-EN-LA-LISTA.jpg\u00bb title_text=\u00bbAN\u00d3TATE-EN-LA-LISTA\u00bb url=\u00bbhttps:\/\/registropublicodigital.mineduc.gob.cl\/rpd-app-registro-apoderado\/login\u00bb url_new_window=\u00bbon\u00bb _builder_version=\u00bb4.27.4&#8243; _module_preset=\u00bbdefault\u00bb global_colors_info=\u00bb{}\u00bb][\/et_pb_image][et_pb_image src=\u00bbhttp:\/\/educapenco.cl\/dem\/wp-content\/uploads\/2025\/01\/icon-transparencia-solicita.png\u00bb title_text=\u00bbicon-transparencia-solicita\u00bb url=\u00bbhttps:\/\/www.portaltransparencia.cl\/PortalPdT\/web\/guest\/directorio-de-organismos-regulados?p_p_id=pdtorganismos_WAR_pdtorganismosportlet&#038;orgcode=d238e8509d22ab7f26a23c910afb145a\u00bb url_new_window=\u00bbon\u00bb _builder_version=\u00bb4.27.4&#8243; _module_preset=\u00bbdefault\u00bb custom_margin=\u00bb20px||||false|false\u00bb global_colors_info=\u00bb{}\u00bb][\/et_pb_image][et_pb_image src=\u00bbhttp:\/\/educapenco.cl\/dem\/wp-content\/uploads\/2025\/01\/icon-transparencia-activa.png\u00bb title_text=\u00bbicon-transparencia-activa\u00bb url=\u00bbhttps:\/\/www.portaltransparencia.cl\/PortalPdT\/directorio-de-organismos-regulados\/?org=MU210&#8243; url_new_window=\u00bbon\u00bb _builder_version=\u00bb4.27.4&#8243; _module_preset=\u00bbdefault\u00bb custom_margin=\u00bb20px||||false|false\u00bb global_colors_info=\u00bb{}\u00bb][\/et_pb_image][et_pb_image src=\u00bbhttp:\/\/educapenco.cl\/dem\/wp-content\/uploads\/2025\/01\/icon-lobby-plataforma.png\u00bb title_text=\u00bbicon-lobby-plataforma\u00bb url=\u00bbhttps:\/\/www.leylobby.gob.cl\/admin\/auth\/prelogin-funcionarios\u00bb url_new_window=\u00bbon\u00bb _builder_version=\u00bb4.27.4&#8243; _module_preset=\u00bbdefault\u00bb custom_margin=\u00bb20px||||false|false\u00bb global_colors_info=\u00bb{}\u00bb][\/et_pb_image][\/et_pb_column][\/et_pb_row][\/et_pb_section][et_pb_section fb_built=\u00bb1&#8243; _builder_version=\u00bb4.27.4&#8243; _module_preset=\u00bbdefault\u00bb global_colors_info=\u00bb{}\u00bb][et_pb_row column_structure=\u00bb1_4,1_4,1_4,1_4&#8243; _builder_version=\u00bb4.27.4&#8243; _module_preset=\u00bbdefault\u00bb custom_margin=\u00bb0px||||false|false\u00bb global_colors_info=\u00bb{}\u00bb][et_pb_column type=\u00bb1_4&#8243; _builder_version=\u00bb4.27.4&#8243; _module_preset=\u00bbdefault\u00bb global_colors_info=\u00bb{}\u00bb][et_pb_text _builder_version=\u00bb4.27.4&#8243; _module_preset=\u00bbdefault\u00bb text_font=\u00bbVarela Round||||||||\u00bb text_font_size=\u00bb16px\u00bb text_line_height=\u00bb1.3em\u00bb text_orientation=\u00bbjustified\u00bb custom_margin=\u00bb20px|15px|40px|15px|false|false\u00bb custom_padding=\u00bb10px|10px|10px|10px|false|false\u00bb box_shadow_style=\u00bbpreset1&#8243; box_shadow_blur=\u00bb10px\u00bb inline_fonts=\u00bbWork Sans\u00bb global_colors_info=\u00bb{}\u00bb]<\/p>\n<p><strong><span style=\"font-family: 'Work Sans';\">Visi\u00f3n<\/span><\/strong><\/p>\n<p><span>Ser un sistema educativo de calidad e inclusivo, que propicie la innovaci\u00f3n y la tecnolog\u00eda para el desarrollo integral de todos los estudiantes.<\/span><\/p>\n<p>[\/et_pb_text][\/et_pb_column][et_pb_column type=\u00bb1_4&#8243; _builder_version=\u00bb4.27.4&#8243; _module_preset=\u00bbdefault\u00bb global_colors_info=\u00bb{}\u00bb][et_pb_text _builder_version=\u00bb4.27.4&#8243; _module_preset=\u00bbdefault\u00bb text_font=\u00bbVarela Round||||||||\u00bb text_font_size=\u00bb16px\u00bb text_line_height=\u00bb1.3em\u00bb text_orientation=\u00bbjustified\u00bb custom_margin=\u00bb20px|15px|40px|15px|false|false\u00bb custom_padding=\u00bb10px|10px|10px|10px|false|false\u00bb box_shadow_style=\u00bbpreset1&#8243; box_shadow_blur=\u00bb10px\u00bb inline_fonts=\u00bbWork Sans\u00bb global_colors_info=\u00bb{}\u00bb]<\/p>\n<p><span style=\"font-family: 'Work Sans'; font-weight: normal;\"><strong>Misi\u00f3n<\/strong><\/span><\/p>\n<p>Formar un sistema responsable y comprometido con los procesos educativos de todos los estudiantes, con \u00e9nfasis en la innovaci\u00f3n pedag\u00f3gica y la tecnolog\u00eda al servicio de los procesos educativos, fomentando el deporte, el cuidado del medio ambiente, la cultura y el patrimonio local para un desarrollo integral de todos los estudiantes desde el nivel parvulario hasta la educaci\u00f3n media.<\/p>\n<p>[\/et_pb_text][\/et_pb_column][et_pb_column type=\u00bb1_4&#8243; _builder_version=\u00bb4.27.4&#8243; _module_preset=\u00bbdefault\u00bb global_colors_info=\u00bb{}\u00bb][et_pb_text _builder_version=\u00bb4.27.4&#8243; _module_preset=\u00bbdefault\u00bb text_font=\u00bbVarela Round||||||||\u00bb text_font_size=\u00bb16px\u00bb text_line_height=\u00bb1.3em\u00bb text_orientation=\u00bbjustified\u00bb custom_margin=\u00bb20px|15px|40px|15px|false|false\u00bb custom_padding=\u00bb10px|10px|10px|10px|false|false\u00bb box_shadow_style=\u00bbpreset1&#8243; box_shadow_blur=\u00bb10px\u00bb inline_fonts=\u00bbWork Sans\u00bb global_colors_info=\u00bb{}\u00bb]<\/p>\n<p><strong><span style=\"font-family: 'Work Sans';\">Sellos<\/span><\/strong><\/p>\n<p>Los sellos que encaminan la educaci\u00f3n p\u00fablica comunal se basan en:<br \/>1) Una Educaci\u00f3n comprometida con los procesos educativos.<br \/>2) El desarrollo Integral de los estudiantes.<br \/>3) Fomento del deporte, el cuidado del medio ambiente, la cultura y el patrimonio<br \/>local.<\/p>\n<p>[\/et_pb_text][\/et_pb_column][et_pb_column type=\u00bb1_4&#8243; _builder_version=\u00bb4.27.4&#8243; _module_preset=\u00bbdefault\u00bb global_colors_info=\u00bb{}\u00bb][\/et_pb_column][\/et_pb_row][\/et_pb_section]<\/p>\n","protected":false},"excerpt":{"rendered":"<p>El Departamento de Educaci\u00f3n Municipal de Penco, es el encargado de administrar el sistema educacional, involucrando la gesti\u00f3n financiera, personal y el manejo de la infraestructura f\u00edsica; as\u00ed tambi\u00e9n de la ejecuci\u00f3n y supervisi\u00f3n de Programas y Proyectos Educativos como por ejemplo; Subvenci\u00f3n Escolar Preferencial, Programa de Integraci\u00f3n Escolar, Asignaci\u00f3n de Desempe\u00f1o Colectivo Directivo, Evaluaci\u00f3n [&hellip;]<\/p>\n","protected":false},"author":1,"featured_media":0,"parent":0,"menu_order":0,"comment_status":"closed","ping_status":"closed","template":"","meta":{"_et_pb_use_builder":"on","_et_pb_old_content":"","_et_gb_content_width":"","footnotes":""},"class_list":["post-370","page","type-page","status-publish","hentry"],"_links":{"self":[{"href":"https:\/\/educapenco.cl\/dem\/wp-json\/wp\/v2\/pages\/370","targetHints":{"allow":["GET"]}}],"collection":[{"href":"https:\/\/educapenco.cl\/dem\/wp-json\/wp\/v2\/pages"}],"about":[{"href":"https:\/\/educapenco.cl\/dem\/wp-json\/wp\/v2\/types\/page"}],"author":[{"embeddable":true,"href":"https:\/\/educapenco.cl\/dem\/wp-json\/wp\/v2\/users\/1"}],"replies":[{"embeddable":true,"href":"https:\/\/educapenco.cl\/dem\/wp-json\/wp\/v2\/comments?post=370"}],"version-history":[{"count":4,"href":"https:\/\/educapenco.cl\/dem\/wp-json\/wp\/v2\/pages\/370\/revisions"}],"predecessor-version":[{"id":532,"href":"https:\/\/educapenco.cl\/dem\/wp-json\/wp\/v2\/pages\/370\/revisions\/532"}],"wp:attachment":[{"href":"https:\/\/educapenco.cl\/dem\/wp-json\/wp\/v2\/media?parent=370"}],"curies":[{"name":"wp","href":"https:\/\/api.w.org\/{rel}","templated":true}]}}